{"id":7189,"date":"2023-05-10T11:31:19","date_gmt":"2023-05-10T09:31:19","guid":{"rendered":"http:\/\/s944816640.onlinehome.fr\/Letouquet-deauville-paris\/?page_id=7189"},"modified":"2023-05-10T11:38:34","modified_gmt":"2023-05-10T09:38:34","slug":"retour-sur-ledition-2023","status":"publish","type":"page","link":"http:\/\/rallye-routedesvins.com\/en\/retour-sur-ledition-2023\/","title":{"rendered":"Retour sur l&#8217;edition 2023"},"content":{"rendered":"<h1>RETOUR SUR LE 1<sup style=\"text-transform: lowercase;\">er<\/sup> RALLYE LE TOUQUET &#8211; DEAUVILLE &#8211; PARIS<br \/>\r\n21-23 AVRIL 2023<\/h1>\r\n<hr \/>\r\n<br \/>\r\nVendredi 21 avril, les participants du 1er Rallye Le Touquet &#8211; Deauville &#8211; Chantilly avaient rendez-vous \u00e0 Croix en Ternois pour les v\u00e9rifications administratives et pour profiter d\u2019une session de roulage le rapide trac\u00e9 du circuit de Croix, autour d\u2019une \u00e9preuve construite sur le principe de la \u00ab r\u00e9gularit\u00e9 \u00bb.  Un parcours de 77km dans les campagnes environnantes permettait ensuite de rejoindre Le Touquet et le l\u00e9gendaire H\u00f4tel \u00ab Westminster \u00bb, en laissant la part belle aux petites routes et autres villages typiques de la r\u00e9gion.\r\n<br \/>\r\n<br \/>\r\n<a href=\"http:\/\/s944816640.onlinehome.fr\/Letouquet-deauville-paris\/wp-content\/uploads\/2023\/04\/DSC9776.jpg\" data-rel=\"lightbox-image-0\" data-rl_title=\"\" data-rl_caption=\"\" title=\"\"><img loading=\"lazy\" decoding=\"async\" src=\"http:\/\/s944816640.onlinehome.fr\/Letouquet-deauville-paris\/wp-content\/uploads\/2023\/04\/DSC9776-1024x373.jpg\" alt=\"\" width=\"720\" height=\"262\" class=\"alignnone size-large wp-image-6738\" srcset=\"http:\/\/rallye-routedesvins.com\/wp-content\/uploads\/2023\/04\/DSC9776-1024x373.jpg 1024w, http:\/\/rallye-routedesvins.com\/wp-content\/uploads\/2023\/04\/DSC9776-300x109.jpg 300w, http:\/\/rallye-routedesvins.com\/wp-content\/uploads\/2023\/04\/DSC9776-768x280.jpg 768w, http:\/\/rallye-routedesvins.com\/wp-content\/uploads\/2023\/04\/DSC9776-1536x560.jpg 1536w, http:\/\/rallye-routedesvins.com\/wp-content\/uploads\/2023\/04\/DSC9776.jpg 1920w\" sizes=\"(max-width: 720px) 100vw, 720px\" \/><\/a>\r\n<br \/>\r\n<br \/>\r\nLe parcours de cette 2\u00e8me \u00e9tape, sans circuit, en direction de Deauville permettait de rejoindre la Baie de Somme et ses points de vue incroyables sur les falaises bordant la c\u00f4te de la Manche. Deux \u00e9preuves de r\u00e9gularit\u00e9 sur route \u00e9taient \u00e0 disputer, sur des parcours sinueux aux multiples changements de directions o\u00f9 la navigation fut, comme escompt\u00e9e, essentielle pour bien figurer au classement. Le soleil faisait \u00e9galement son apparition avant d\u2019entrer et \u00ab parader \u00bb dans Deauville pour atteindre l\u2019H\u00f4tel Le Royal Barri\u00e8re, \u00e0 quelques encablures seulement des c\u00e9l\u00e8bres \u00ab planches \u00bb.\r\n<br \/>\r\n<br \/>\r\n<a href=\"http:\/\/s944816640.onlinehome.fr\/Letouquet-deauville-paris\/wp-content\/uploads\/2023\/04\/DSC_8153.jpeg\" data-rel=\"lightbox-image-1\" data-rl_title=\"\" data-rl_caption=\"\" title=\"\"><img loading=\"lazy\" decoding=\"async\" src=\"http:\/\/s944816640.onlinehome.fr\/Letouquet-deauville-paris\/wp-content\/uploads\/2023\/04\/DSC_8153-1024x373.jpeg\" alt=\"\" width=\"720\" height=\"262\" class=\"alignnone size-large wp-image-6784\" srcset=\"http:\/\/rallye-routedesvins.com\/wp-content\/uploads\/2023\/04\/DSC_8153-1024x373.jpeg 1024w, http:\/\/rallye-routedesvins.com\/wp-content\/uploads\/2023\/04\/DSC_8153-300x109.jpeg 300w, http:\/\/rallye-routedesvins.com\/wp-content\/uploads\/2023\/04\/DSC_8153-768x280.jpeg 768w, http:\/\/rallye-routedesvins.com\/wp-content\/uploads\/2023\/04\/DSC_8153-1536x560.jpeg 1536w, http:\/\/rallye-routedesvins.com\/wp-content\/uploads\/2023\/04\/DSC_8153.jpeg 1920w\" sizes=\"(max-width: 720px) 100vw, 720px\" \/><\/a>\r\n<br \/>\r\n<br \/>\r\nPour la troisi\u00e8me et derni\u00e8re \u00e9tape, les participants ont \u00e9t\u00e9 mis \u00e0 l\u2019\u00e9preuve de la r\u00e9gularit\u00e9 sur le trac\u00e9 sinueux de ce circuit atypique o\u00f9 la comp\u00e9tition fut intense dans les deux cat\u00e9gories pour d\u00e9terminer les vainqueurs. La suite du parcours allait traverser les belles campagnes du Vexin et des boucles de Seine, avant d\u2019atteindre la r\u00e9gion parisienne pour achever notre p\u00e9riple devant le Chateau de Chantilly puis l\u2019Auberge du Jeu de Paume, terme de ce 1er Rallye Le Touquet &#8211; Deauville &#8211; Paris.\r\n<br \/>\r\n<br \/>\r\n<a href=\"http:\/\/s944816640.onlinehome.fr\/Letouquet-deauville-paris\/wp-content\/uploads\/2023\/04\/DSC_8247.jpeg\" data-rel=\"lightbox-image-2\" data-rl_title=\"\" data-rl_caption=\"\" title=\"\"><img loading=\"lazy\" decoding=\"async\" src=\"http:\/\/s944816640.onlinehome.fr\/Letouquet-deauville-paris\/wp-content\/uploads\/2023\/04\/DSC_8247-1024x373.jpeg\" alt=\"\" width=\"720\" height=\"262\" class=\"alignnone size-large wp-image-6788\" srcset=\"http:\/\/rallye-routedesvins.com\/wp-content\/uploads\/2023\/04\/DSC_8247-1024x373.jpeg 1024w, http:\/\/rallye-routedesvins.com\/wp-content\/uploads\/2023\/04\/DSC_8247-300x109.jpeg 300w, http:\/\/rallye-routedesvins.com\/wp-content\/uploads\/2023\/04\/DSC_8247-768x280.jpeg 768w, http:\/\/rallye-routedesvins.com\/wp-content\/uploads\/2023\/04\/DSC_8247-1536x560.jpeg 1536w, http:\/\/rallye-routedesvins.com\/wp-content\/uploads\/2023\/04\/DSC_8247.jpeg 1920w\" sizes=\"(max-width: 720px) 100vw, 720px\" \/><\/a>\r\n<br \/>\r\n<br \/>\r\nLa lutte pour le classement g\u00e9n\u00e9ral fit rage durant ces trois jours parmi les principaux pr\u00e9tendants au succ\u00e8s rien n&#8217;\u00e9tait encore jou\u00e9 au d\u00e9part de la derni\u00e8re \u00e9preuve, tant les \u00e9carts \u00e9taient infimes !\r\nFinalement l\u2019\u00e9quipage Destas-Destas l\u2019emporte en cat\u00e9gorie Classic, au volant de leur Ford Vedette de 1950. Alors que chez les \u00ab Prestige \u00bb, la Porsche 992 GT3 Touring de l\u2019\u00e9quipage Gosse-Gosse s\u2019assurait une victoire m\u00e9rit\u00e9e ! \r\n<br \/>\r\n<br \/>\r\n<a href=\"http:\/\/s944816640.onlinehome.fr\/Letouquet-deauville-paris\/wp-content\/uploads\/2023\/04\/DSC_8224.jpeg\" data-rel=\"lightbox-image-3\" data-rl_title=\"\" data-rl_caption=\"\" title=\"\"><img loading=\"lazy\" decoding=\"async\" src=\"http:\/\/s944816640.onlinehome.fr\/Letouquet-deauville-paris\/wp-content\/uploads\/2023\/04\/DSC_8224-1024x373.jpeg\" alt=\"\" width=\"720\" height=\"262\" class=\"alignnone size-large wp-image-6842\" srcset=\"http:\/\/rallye-routedesvins.com\/wp-content\/uploads\/2023\/04\/DSC_8224-1024x373.jpeg 1024w, http:\/\/rallye-routedesvins.com\/wp-content\/uploads\/2023\/04\/DSC_8224-300x109.jpeg 300w, http:\/\/rallye-routedesvins.com\/wp-content\/uploads\/2023\/04\/DSC_8224-768x280.jpeg 768w, http:\/\/rallye-routedesvins.com\/wp-content\/uploads\/2023\/04\/DSC_8224-1536x560.jpeg 1536w, http:\/\/rallye-routedesvins.com\/wp-content\/uploads\/2023\/04\/DSC_8224.jpeg 1920w\" sizes=\"(max-width: 720px) 100vw, 720px\" \/><\/a>\r\n<br \/>\r\n<br \/>\r\nCe nouveau rendez-vous CNP aura, nous l\u2019esp\u00e9rons, fait d\u00e9couvrir un itin\u00e9raire in\u00e9dit, \u00e0 quelques centaines de kilom\u00e8tres seulement de Paris, et une format court le temps d\u2019u week-end de convivialit\u00e9, de bonne humeur et de roulage sur circuit ! Rendez-vous est pris pour une prochaine \u00e9dition.\r\nA tr\u00e8s vite !\r\n<br \/>\r\n<br \/>\r\n<a href=\"http:\/\/s944816640.onlinehome.fr\/Letouquet-deauville-paris\/wp-content\/uploads\/2023\/04\/DSC_8197-1.jpeg\" data-rel=\"lightbox-image-4\" data-rl_title=\"\" data-rl_caption=\"\" title=\"\"><img loading=\"lazy\" decoding=\"async\" src=\"http:\/\/s944816640.onlinehome.fr\/Letouquet-deauville-paris\/wp-content\/uploads\/2023\/04\/DSC_8197-1-1024x373.jpeg\" alt=\"\" width=\"720\" height=\"262\" class=\"alignnone size-large wp-image-6841\" srcset=\"http:\/\/rallye-routedesvins.com\/wp-content\/uploads\/2023\/04\/DSC_8197-1-1024x373.jpeg 1024w, http:\/\/rallye-routedesvins.com\/wp-content\/uploads\/2023\/04\/DSC_8197-1-300x109.jpeg 300w, http:\/\/rallye-routedesvins.com\/wp-content\/uploads\/2023\/04\/DSC_8197-1-768x280.jpeg 768w, http:\/\/rallye-routedesvins.com\/wp-content\/uploads\/2023\/04\/DSC_8197-1-1536x560.jpeg 1536w, http:\/\/rallye-routedesvins.com\/wp-content\/uploads\/2023\/04\/DSC_8197-1.jpeg 1920w\" sizes=\"(max-width: 720px) 100vw, 720px\" \/><\/a>\r\n\r\n<div class=\"su-spacer\" style=\"height:20px\"><\/div>\r\n<h2>Classement final<\/h2>\r\n<hr \/>\r\n<div class=\"su-note\"  style=\"border-color:#e5e54c;border-radius:3px;-moz-border-radius:3px;-webkit-border-radius:3px;\"><div class=\"su-note-inner su-u-clearfix su-u-trim\" style=\"background-color:#FFFF66;border-color:#ffffff;color:#333333;border-radius:3px;-moz-border-radius:3px;-webkit-border-radius:3px;\">\r\n<div class=\"su-row\">\r\n<div class=\"su-column su-column-size-1-2\"><div class=\"su-column-inner su-u-clearfix su-u-trim\">\r\n<h4>CATEGORIE CLASSIC<\/h4>\r\n1- DESTAS &#8211; DESTAS (FORD VEDETTE)<br \/>\r\n2- ETTIENNE &#8211; PAVAGEAU (MASERATI INDY)<br \/>\r\n3- BACHOT &#8211; JUFFROY (AUSTIN HEALEY)\r\n<div class=\"su-spacer\" style=\"height:20px\"><\/div>\r\n<\/div><\/div>\r\n<div class=\"su-column su-column-size-1-2\"><div class=\"su-column-inner su-u-clearfix su-u-trim\">\r\n<h4>CATEGORIE PRESTIGE<\/h4>\r\n1- GOSSE &#8211; GOSSE (PORSCHE GT3 TOURING)<br \/>\r\n2- DARDELET &#8211; LAGHMIRI (LAMBORGHINI HURACAN)<br \/>\r\n3- ASPERTI-BOURSIN &#8211; ASPERTI-BOURSIN (FERRARI 488 PISTA)\r\n<div class=\"su-spacer\" style=\"height:20px\"><\/div>\r\n\r\n<\/div><\/div>\r\n<\/div>\r\n<\/div><\/div>\r\n\r\n<h2>L&#8217;\u00e9dition 2023 en photos<\/h2>\r\n<hr \/>\r\n<div class=\"pt-cv-wrapper\"><div class=\"pt-cv-view pt-cv-grid pt-cv-colsys\" id=\"pt-cv-view-5d028608w7\"><div data-id=\"pt-cv-page-1\" class=\"pt-cv-page cv-npf\" data-cvc=\"3\"><div class=\"col-md-4 col-sm-6 col-xs-12 pt-cv-content-item pt-cv-1-col\" ><div class='pt-cv-ifield'><div class=\"pt-cv-no-post\">No posts found.<\/div><\/div><\/div><\/div><\/div><\/div>","protected":false},"excerpt":{"rendered":"<p>RETOUR SUR LE 1er RALLYE LE TOUQUET &#8211; DEAUVILLE &#8211; PARIS 21-23 AVRIL 2023 Vendredi 21 avril, les participants du 1er Rallye Le Touquet &#8211; Deauville &#8211; Chantilly avaient rendez-vous \u00e0 Croix en Ternois pour les v\u00e9rifications administratives et pour profiter d\u2019une session de roulage le rapide trac\u00e9 du circuit de Croix, autour d\u2019une \u00e9preuve [&hellip;]<\/p>\n","protected":false},"author":4,"featured_media":0,"parent":0,"menu_order":0,"comment_status":"closed","ping_status":"closed","template":"","meta":{"footnotes":""},"class_list":["post-7189","page","type-page","status-publish","hentry","post"],"translation":{"provider":"WPGlobus","version":"3.0.0","language":"en","enabled_languages":["fr","en"],"languages":{"fr":{"title":true,"content":true,"excerpt":false},"en":{"title":false,"content":false,"excerpt":false}}},"yoast_head":"<!-- This site is optimized with the Yoast SEO plugin v23.4 - https:\/\/yoast.com\/wordpress\/plugins\/seo\/ -->\n<title>Retour sur l&#039;edition 2023 - Rally Route des Vins<\/title>\n<meta name=\"robots\" content=\"index, follow, max-snippet:-1, max-image-preview:large, max-video-preview:-1\" \/>\n<link rel=\"canonical\" href=\"http:\/\/rallye-routedesvins.com\/retour-sur-ledition-2023\/\" \/>\n<meta property=\"og:locale\" content=\"en_US\" \/>\n<meta property=\"og:type\" content=\"article\" \/>\n<meta property=\"og:title\" content=\"Retour sur l&#039;edition 2023 - Rally Route des Vins\" \/>\n<meta property=\"og:url\" content=\"http:\/\/rallye-routedesvins.com\/retour-sur-ledition-2023\/\" \/>\n<meta property=\"og:site_name\" content=\"Rally Route des Vins\" \/>\n<meta property=\"article:modified_time\" content=\"2023-05-10T09:38:34+00:00\" \/>\n<meta property=\"og:image\" content=\"http:\/\/s944816640.onlinehome.fr\/Letouquet-deauville-paris\/wp-content\/uploads\/2023\/04\/DSC9776-1024x373.jpg\" \/>\n<meta name=\"twitter:card\" content=\"summary_large_image\" \/>\n<meta name=\"twitter:label1\" content=\"Est. reading time\" \/>\n\t<meta name=\"twitter:data1\" content=\"4 minutes\" \/>\n<script type=\"application\/ld+json\" class=\"yoast-schema-graph\">{\"@context\":\"https:\/\/schema.org\",\"@graph\":[{\"@type\":\"WebPage\",\"@id\":\"http:\/\/rallye-routedesvins.com\/retour-sur-ledition-2023\/\",\"url\":\"http:\/\/rallye-routedesvins.com\/retour-sur-ledition-2023\/\",\"name\":\"Retour sur l'edition 2023 - Rally Route des Vins\",\"isPartOf\":{\"@id\":\"http:\/\/rallye-routedesvins.com\/#website\"},\"primaryImageOfPage\":{\"@id\":\"http:\/\/rallye-routedesvins.com\/retour-sur-ledition-2023\/#primaryimage\"},\"image\":{\"@id\":\"http:\/\/rallye-routedesvins.com\/retour-sur-ledition-2023\/#primaryimage\"},\"thumbnailUrl\":\"http:\/\/s944816640.onlinehome.fr\/Letouquet-deauville-paris\/wp-content\/uploads\/2023\/04\/DSC9776-1024x373.jpg\",\"datePublished\":\"2023-05-10T09:31:19+00:00\",\"dateModified\":\"2023-05-10T09:38:34+00:00\",\"breadcrumb\":{\"@id\":\"http:\/\/rallye-routedesvins.com\/retour-sur-ledition-2023\/#breadcrumb\"},\"inLanguage\":\"en-US\",\"potentialAction\":[{\"@type\":\"ReadAction\",\"target\":[\"http:\/\/rallye-routedesvins.com\/retour-sur-ledition-2023\/\"]}]},{\"@type\":\"ImageObject\",\"inLanguage\":\"en-US\",\"@id\":\"http:\/\/rallye-routedesvins.com\/retour-sur-ledition-2023\/#primaryimage\",\"url\":\"http:\/\/s944816640.onlinehome.fr\/Letouquet-deauville-paris\/wp-content\/uploads\/2023\/04\/DSC9776-1024x373.jpg\",\"contentUrl\":\"http:\/\/s944816640.onlinehome.fr\/Letouquet-deauville-paris\/wp-content\/uploads\/2023\/04\/DSC9776-1024x373.jpg\"},{\"@type\":\"BreadcrumbList\",\"@id\":\"http:\/\/rallye-routedesvins.com\/retour-sur-ledition-2023\/#breadcrumb\",\"itemListElement\":[{\"@type\":\"ListItem\",\"position\":1,\"name\":\"Accueil\",\"item\":\"http:\/\/rallye-routedesvins.com\/\"},{\"@type\":\"ListItem\",\"position\":2,\"name\":\"Retour sur l&#8217;edition 2023\"}]},{\"@type\":\"WebSite\",\"@id\":\"http:\/\/rallye-routedesvins.com\/#website\",\"url\":\"http:\/\/rallye-routedesvins.com\/\",\"name\":\"Rally Route des Vins\",\"description\":\"Rally Route des Vins\",\"potentialAction\":[{\"@type\":\"SearchAction\",\"target\":{\"@type\":\"EntryPoint\",\"urlTemplate\":\"http:\/\/rallye-routedesvins.com\/?s={search_term_string}\"},\"query-input\":{\"@type\":\"PropertyValueSpecification\",\"valueRequired\":true,\"valueName\":\"search_term_string\"}}],\"inLanguage\":\"en-US\"}]}<\/script>\n<!-- \/ Yoast SEO plugin. -->","yoast_head_json":{"title":"Retour sur l'edition 2023 - Rally Route des Vins","robots":{"index":"index","follow":"follow","max-snippet":"max-snippet:-1","max-image-preview":"max-image-preview:large","max-video-preview":"max-video-preview:-1"},"canonical":"http:\/\/rallye-routedesvins.com\/retour-sur-ledition-2023\/","og_locale":"en_US","og_type":"article","og_title":"Retour sur l'edition 2023 - Rally Route des Vins","og_url":"http:\/\/rallye-routedesvins.com\/retour-sur-ledition-2023\/","og_site_name":"Rally Route des Vins","article_modified_time":"2023-05-10T09:38:34+00:00","og_image":[{"url":"http:\/\/s944816640.onlinehome.fr\/Letouquet-deauville-paris\/wp-content\/uploads\/2023\/04\/DSC9776-1024x373.jpg"}],"twitter_card":"summary_large_image","twitter_misc":{"Est. reading time":"4 minutes"},"schema":{"@context":"https:\/\/schema.org","@graph":[{"@type":"WebPage","@id":"http:\/\/rallye-routedesvins.com\/retour-sur-ledition-2023\/","url":"http:\/\/rallye-routedesvins.com\/retour-sur-ledition-2023\/","name":"Retour sur l'edition 2023 - Rally Route des Vins","isPartOf":{"@id":"http:\/\/rallye-routedesvins.com\/#website"},"primaryImageOfPage":{"@id":"http:\/\/rallye-routedesvins.com\/retour-sur-ledition-2023\/#primaryimage"},"image":{"@id":"http:\/\/rallye-routedesvins.com\/retour-sur-ledition-2023\/#primaryimage"},"thumbnailUrl":"http:\/\/s944816640.onlinehome.fr\/Letouquet-deauville-paris\/wp-content\/uploads\/2023\/04\/DSC9776-1024x373.jpg","datePublished":"2023-05-10T09:31:19+00:00","dateModified":"2023-05-10T09:38:34+00:00","breadcrumb":{"@id":"http:\/\/rallye-routedesvins.com\/retour-sur-ledition-2023\/#breadcrumb"},"inLanguage":"en-US","potentialAction":[{"@type":"ReadAction","target":["http:\/\/rallye-routedesvins.com\/retour-sur-ledition-2023\/"]}]},{"@type":"ImageObject","inLanguage":"en-US","@id":"http:\/\/rallye-routedesvins.com\/retour-sur-ledition-2023\/#primaryimage","url":"http:\/\/s944816640.onlinehome.fr\/Letouquet-deauville-paris\/wp-content\/uploads\/2023\/04\/DSC9776-1024x373.jpg","contentUrl":"http:\/\/s944816640.onlinehome.fr\/Letouquet-deauville-paris\/wp-content\/uploads\/2023\/04\/DSC9776-1024x373.jpg"},{"@type":"BreadcrumbList","@id":"http:\/\/rallye-routedesvins.com\/retour-sur-ledition-2023\/#breadcrumb","itemListElement":[{"@type":"ListItem","position":1,"name":"Accueil","item":"http:\/\/rallye-routedesvins.com\/"},{"@type":"ListItem","position":2,"name":"Retour sur l&#8217;edition 2023"}]},{"@type":"WebSite","@id":"http:\/\/rallye-routedesvins.com\/#website","url":"http:\/\/rallye-routedesvins.com\/","name":"Rally Route des Vins","description":"Rally Route des Vins","potentialAction":[{"@type":"SearchAction","target":{"@type":"EntryPoint","urlTemplate":"http:\/\/rallye-routedesvins.com\/?s={search_term_string}"},"query-input":{"@type":"PropertyValueSpecification","valueRequired":true,"valueName":"search_term_string"}}],"inLanguage":"en-US"}]}},"_links":{"self":[{"href":"http:\/\/rallye-routedesvins.com\/en\/wp-json\/wp\/v2\/pages\/7189"}],"collection":[{"href":"http:\/\/rallye-routedesvins.com\/en\/wp-json\/wp\/v2\/pages"}],"about":[{"href":"http:\/\/rallye-routedesvins.com\/en\/wp-json\/wp\/v2\/types\/page"}],"author":[{"embeddable":true,"href":"http:\/\/rallye-routedesvins.com\/en\/wp-json\/wp\/v2\/users\/4"}],"replies":[{"embeddable":true,"href":"http:\/\/rallye-routedesvins.com\/en\/wp-json\/wp\/v2\/comments?post=7189"}],"version-history":[{"count":0,"href":"http:\/\/rallye-routedesvins.com\/en\/wp-json\/wp\/v2\/pages\/7189\/revisions"}],"wp:attachment":[{"href":"http:\/\/rallye-routedesvins.com\/en\/wp-json\/wp\/v2\/media?parent=7189"}],"curies":[{"name":"wp","href":"https:\/\/api.w.org\/{rel}","templated":true}]}}